{"id":24,"date":"2021-09-30T15:55:07","date_gmt":"2021-09-30T15:55:07","guid":{"rendered":"https:\/\/agp.ab-media.fr\/?page_id=24"},"modified":"2023-06-19T09:01:06","modified_gmt":"2023-06-19T09:01:06","slug":"mentions-legales","status":"publish","type":"page","link":"https:\/\/www.agencepremiere.com\/fr\/mentions-legales\/","title":{"rendered":"Mentions l\u00e9gales"},"content":{"rendered":"<div class=\"wpb-content-wrapper\"><p>[vc_row full_width=\u00a0\u00bbstretch_row\u00a0\u00bb el_id=\u00a0\u00bbsection-1&Prime;][vc_column css=\u00a0\u00bb.vc_custom_1633183897407{padding-top: 0px !important;}\u00a0\u00bb][vc_separator color=\u00a0\u00bbblack\u00a0\u00bb align=\u00a0\u00bbalign_left\u00a0\u00bb el_width=\u00a0\u00bb50&Prime; el_class=\u00a0\u00bbsparator-1&Prime;][vc_column_text el_class=\u00a0\u00bbsection-txt-1&Prime; css=\u00a0\u00bb.vc_custom_1633443986262{margin-top: 35px !important;margin-bottom: 35px !important;}\u00a0\u00bb]<\/p>\n<h1><span style=\"color: #0c7589;\">Mentions L\u00e9gales<\/span><\/h1>\n<p>[\/vc_column_text][vc_separator color=\u00a0\u00bbblack\u00a0\u00bb align=\u00a0\u00bbalign_left\u00a0\u00bb el_class=\u00a0\u00bbsparator-2&Prime; css=\u00a0\u00bb.vc_custom_1633183945222{margin-top: 25px !important;margin-bottom: 25px !important;}\u00a0\u00bb][\/vc_column][\/vc_row][vc_row el_id=\u00a0\u00bbsection-2&Prime;][vc_column css=\u00a0\u00bb.vc_custom_1633185847073{padding-top: 0px !important;}\u00a0\u00bb][vc_column_text]<\/p>\n<h3>D\u00e9finitions<\/h3>\n<p><strong>Client :<\/strong> tout professionnel ou personne physique capable au sens des articles 1123 et suivants du Code civil, ou personne morale, qui visite le Site objet des pr\u00e9sentes conditions g\u00e9n\u00e9rales.<\/p>\n<p><strong>Prestations et Services :<\/strong> <a href=\"https:\/\/www.agencepremiere.com\/\" target=\"_blank\" rel=\"noopener\">https:\/\/www.agencepremiere.com\/<\/a> met \u00e0 disposition des Clients :<\/p>\n<p><strong>Contenu :<\/strong> Ensemble des \u00e9l\u00e9ments constituants l\u2019information pr\u00e9sente sur le Site, notamment textes \u2013 images \u2013 vid\u00e9os.<\/p>\n<p><strong>Informations clients :<\/strong> Ci-apr\u00e8s d\u00e9nomm\u00e9 \u00ab Information (s) \u00bb qui correspondent \u00e0 l\u2019ensemble des donn\u00e9es personnelles susceptibles d\u2019\u00eatre d\u00e9tenues par <a href=\"https:\/\/www.agencepremiere.com\/\" target=\"_blank\" rel=\"noopener\">https:\/\/www.agencepremiere.com\/<\/a> pour la gestion de votre compte, de la gestion de la relation client et \u00e0 des fins d\u2019analyses et de statistiques.<\/p>\n<p><strong>Utilisateur :<\/strong> Internaute se connectant, utilisant le site susnomm\u00e9.<\/p>\n<p><strong>Informations personnelles :<\/strong> \u00ab Les informations qui permettent, sous quelque forme que ce soit, directement ou non, l\u2019identification des personnes physiques auxquelles elles s\u2019appliquent \u00bb (article 4 de la loi n\u00b0 78-17 du 6 janvier 1978). Les termes \u00ab donn\u00e9es \u00e0 caract\u00e8re personnel \u00bb, \u00ab personne concern\u00e9e \u00bb, \u00ab sous-traitant \u00bb et \u00ab donn\u00e9es sensibles \u00bb ont le sens d\u00e9fini par le R\u00e8glement G\u00e9n\u00e9ral sur la Protection des Donn\u00e9es (RGPD : n\u00b0 2016-679)[\/vc_column_text][vc_column_text]<\/p>\n<h3>1. Pr\u00e9sentation du site internet.<\/h3>\n<p>En vertu de l\u2019article 6 de la loi n\u00b0 2004-575 du 21 juin 2004 pour la confiance dans l\u2019\u00e9conomie num\u00e9rique, il est pr\u00e9cis\u00e9 aux utilisateurs du site internet <a href=\"https:\/\/www.agencepremiere.com\/\" target=\"_blank\" rel=\"noopener\">https:\/\/www.agencepremiere.com\/<\/a> l\u2019identit\u00e9 des diff\u00e9rents intervenants dans le cadre de sa r\u00e9alisation et de son suivi:<\/p>\n<p>Propri\u00e9taire : SARL unipersonnelle Agence Premiere Capital Social de 100 000\u20ac \u2013 27 Rue Vaneau 75007 Paris<\/p>\n<p>Responsable publication : <a href=\"mailto:contact@agencepremiere.com\">contact@agencepremiere.com<\/a><\/p>\n<p>Le responsable publication est une personne physique ou une personne morale.<\/p>\n<p>Webmaster : AB-MEDIA \u2013 <a href=\"mailto:contact@ab-media.fr\">contact@ab-media.fr<\/a><\/p>\n<p>H\u00e9bergeur : AB-MEDIA \/ PLANETHOSTER \u2013 6 rue cherche Midi 34000 Montpellier[\/vc_column_text][vc_column_text]<\/p>\n<h3>2. Conditions g\u00e9n\u00e9rales d\u2019utilisation du site et des services propos\u00e9s.<\/h3>\n<p>Le Site constitue une \u0153uvre de l\u2019esprit prot\u00e9g\u00e9e par les dispositions du Code de la Propri\u00e9t\u00e9 Intellectuelle et des R\u00e9glementations Internationales applicables.<\/p>\n<p>Le Client ne peut en aucune mani\u00e8re r\u00e9utiliser, c\u00e9der ou exploiter pour son propre compte tout ou partie des \u00e9l\u00e9ments ou travaux du Site.<br \/>\nL\u2019utilisation du site <a href=\"https:\/\/www.agencepremiere.com\/\" target=\"_blank\" rel=\"noopener\">https:\/\/www.agencepremiere.com\/<\/a> implique l\u2019acceptation pleine et enti\u00e8re des conditions g\u00e9n\u00e9rales d\u2019utilisation ci-apr\u00e8s d\u00e9crites. Ces conditions d\u2019utilisation sont susceptibles d\u2019\u00eatre modifi\u00e9es ou compl\u00e9t\u00e9es \u00e0 tout moment, les utilisateurs du site <a href=\"https:\/\/www.agencepremiere.com\/\" target=\"_blank\" rel=\"noopener\">https:\/\/www.agencepremiere.com\/<\/a> sont donc invit\u00e9s \u00e0 les consulter de mani\u00e8re r\u00e9guli\u00e8re.<\/p>\n<p>Ce site internet est normalement accessible \u00e0 tout moment aux utilisateurs. Une interruption pour raison de maintenance technique peut \u00eatre toutefois d\u00e9cid\u00e9e par <a href=\"https:\/\/www.agencepremiere.com\/\" target=\"_blank\" rel=\"noopener\">https:\/\/www.agencepremiere.com\/<\/a>, qui s\u2019efforcera alors de communiquer pr\u00e9alablement aux utilisateurs les dates et heures de l\u2019intervention.<\/p>\n<p>Le site web <a href=\"https:\/\/www.agencepremiere.com\/\">https:\/\/www.agencepremiere.com\/<\/a> est mis \u00e0 jour r\u00e9guli\u00e8rement par <a href=\"https:\/\/www.agencepremiere.com\/\" target=\"_blank\" rel=\"noopener\">https:\/\/www.agencepremiere.com\/<\/a> responsable. De la m\u00eame fa\u00e7on, les mentions l\u00e9gales peuvent \u00eatre modifi\u00e9es \u00e0 tout moment : elles s\u2019imposent n\u00e9anmoins \u00e0 l\u2019utilisateur qui est invit\u00e9 \u00e0 s\u2019y r\u00e9f\u00e9rer le plus souvent possible afin d\u2019en prendre connaissance.[\/vc_column_text][vc_column_text]<\/p>\n<h3>3. Description des services fournis.<\/h3>\n<p>Le site internet <a href=\"https:\/\/www.agencepremiere.com\/\" target=\"_blank\" rel=\"noopener\">https:\/\/www.agencepremiere.com\/<\/a> a pour objet de fournir une information concernant l\u2019ensemble des activit\u00e9s de la soci\u00e9t\u00e9.<br \/>\n<a href=\"https:\/\/www.agencepremiere.com\/\" target=\"_blank\" rel=\"noopener\">https:\/\/www.agencepremiere.com\/<\/a> s\u2019efforce de fournir sur le site <a href=\"https:\/\/www.agencepremiere.com\/\" target=\"_blank\" rel=\"noopener\">https:\/\/www.agencepremiere.com\/<\/a> des informations aussi pr\u00e9cises que possible.<\/p>\n<p>Toutefois, il ne pourra \u00eatre tenu responsable des oublis, des inexactitudes et des carences dans la mise \u00e0 jour, qu\u2019elles soient de son fait ou du fait des tiers partenaires qui lui fournissent ces informations.<\/p>\n<p>Toutes les informations indiqu\u00e9es sur le site <a href=\"https:\/\/www.agencepremiere.com\/\" target=\"_blank\" rel=\"noopener\">https:\/\/www.agencepremiere.com\/<\/a> sont donn\u00e9es \u00e0 titre indicatif, et sont susceptibles d\u2019\u00e9voluer. Par ailleurs, les renseignements figurant sur le site <a href=\"https:\/\/www.agencepremiere.com\/\" target=\"_blank\" rel=\"noopener\">https:\/\/www.agencepremiere.com\/<\/a> ne sont pas exhaustifs. Ils sont donn\u00e9s sous r\u00e9serve de modifications ayant \u00e9t\u00e9 apport\u00e9es depuis leur mise en ligne.[\/vc_column_text][vc_column_text]<\/p>\n<h3>4. Limitations contractuelles sur les donn\u00e9es techniques.<\/h3>\n<p>Le site utilise la technologie JavaScript.<\/p>\n<p>Le site Internet ne pourra \u00eatre tenu responsable de dommages mat\u00e9riels li\u00e9s \u00e0 l\u2019utilisation du site. De plus, l\u2019utilisateur du site s\u2019engage \u00e0 acc\u00e9der au site en utilisant un mat\u00e9riel r\u00e9cent, ne contenant pas de virus et avec un navigateur de derni\u00e8re g\u00e9n\u00e9ration mis-\u00e0-jour<\/p>\n<p>Le site https:\/\/www.agencepremiere.com\/ est h\u00e9berg\u00e9 chez un prestataire sur le territoire de l\u2019Union Europ\u00e9enne conform\u00e9ment aux dispositions du R\u00e8glement G\u00e9n\u00e9ral sur la Protection des Donn\u00e9es (RGPD : n\u00b0 2016-679)<\/p>\n<p>L\u2019objectif est d\u2019apporter une prestation qui assure le meilleur taux d\u2019accessibilit\u00e9. L\u2019h\u00e9bergeur assure la continuit\u00e9 de son service 24 Heures sur 24, tous les jours de l\u2019ann\u00e9e. Il se r\u00e9serve n\u00e9anmoins la possibilit\u00e9 d\u2019interrompre le service d\u2019h\u00e9bergement pour les dur\u00e9es les plus courtes possibles notamment \u00e0 des fins de maintenance, d\u2019am\u00e9lioration de ses infrastructures, de d\u00e9faillance de ses infrastructures ou si les Prestations et Services g\u00e9n\u00e8rent un trafic r\u00e9put\u00e9 anormal.<\/p>\n<p><a href=\"https:\/\/www.agencepremiere.com\/\" target=\"_blank\" rel=\"noopener\">https:\/\/www.agencepremiere.com\/<\/a> et l\u2019h\u00e9bergeur ne pourront \u00eatre tenus responsables en cas de dysfonctionnement du r\u00e9seau Internet, des lignes t\u00e9l\u00e9phoniques ou du mat\u00e9riel informatique et de t\u00e9l\u00e9phonie li\u00e9 notamment \u00e0 l\u2019encombrement du r\u00e9seau emp\u00eachant l\u2019acc\u00e8s au serveur.[\/vc_column_text][vc_column_text]<\/p>\n<h3>5. Propri\u00e9t\u00e9 intellectuelle et contrefa\u00e7ons.<\/h3>\n<p><a href=\"https:\/\/www.agencepremiere.com\/\" target=\"_blank\" rel=\"noopener\">https:\/\/www.agencepremiere.com\/<\/a> est propri\u00e9taire des droits de propri\u00e9t\u00e9 intellectuelle et d\u00e9tient les droits d\u2019usage sur tous les \u00e9l\u00e9ments accessibles sur le site internet, notamment les textes, images, graphismes, logos, vid\u00e9os, ic\u00f4nes et sons.<\/p>\n<p>Toute reproduction, repr\u00e9sentation, modification, publication, adaptation de tout ou partie des \u00e9l\u00e9ments du site, quel que soit le moyen ou le proc\u00e9d\u00e9 utilis\u00e9, est interdite, sauf autorisation \u00e9crite pr\u00e9alable de :<\/p>\n<p><a href=\"https:\/\/www.agencepremiere.com\/\" target=\"_blank\" rel=\"noopener\">https:\/\/www.agencepremiere.com\/<\/a> Toute exploitation non autoris\u00e9e du site ou de l\u2019un quelconque des \u00e9l\u00e9ments qu\u2019il contient sera consid\u00e9r\u00e9e comme constitutive d\u2019une contrefa\u00e7on et poursuivie conform\u00e9ment aux dispositions des articles L.335-2 et suivants du Code de Propri\u00e9t\u00e9 Intellectuelle.[\/vc_column_text][vc_column_text]<\/p>\n<h3>6. Limitations de responsabilit\u00e9.<\/h3>\n<p><a href=\"https:\/\/www.agencepremiere.com\/\" target=\"_blank\" rel=\"noopener\">https:\/\/www.agencepremiere.com\/<\/a> agit en tant qu\u2019\u00e9diteur du site.<\/p>\n<p><a href=\"https:\/\/www.agencepremiere.com\/\" target=\"_blank\" rel=\"noopener\">https:\/\/www.agencepremiere.com\/<\/a> est responsable de la qualit\u00e9 et de la v\u00e9racit\u00e9 du Contenu qu\u2019il publie.<\/p>\n<p><a href=\"https:\/\/www.agencepremiere.com\/\" target=\"_blank\" rel=\"noopener\">https:\/\/www.agencepremiere.com\/<\/a> ne pourra \u00eatre tenu responsable des dommages directs et indirects caus\u00e9s au mat\u00e9riel de l\u2019utilisateur, lors de l\u2019acc\u00e8s au site internet <a href=\"https:\/\/www.agencepremiere.com\/\" target=\"_blank\" rel=\"noopener\">https:\/\/www.agencepremiere.com\/<\/a> et r\u00e9sultant soit de l\u2019utilisation d\u2019un mat\u00e9riel ne r\u00e9pondant pas aux sp\u00e9cifications indiqu\u00e9es au point 4, soit de l\u2019apparition d\u2019un bug ou d\u2019une incompatibilit\u00e9.<\/p>\n<p><a href=\"https:\/\/www.agencepremiere.com\/\" target=\"_blank\" rel=\"noopener\">https:\/\/www.agencepremiere.com\/<\/a> ne pourra \u00e9galement \u00eatre tenu responsable des dommages indirects (tels par exemple qu\u2019une perte de march\u00e9 ou perte d\u2019une chance) cons\u00e9cutifs \u00e0 l\u2019utilisation du site <a href=\"https:\/\/www.agencepremiere.com\/\" target=\"_blank\" rel=\"noopener\">https:\/\/www.agencepremiere.com\/<\/a>.<\/p>\n<p>Des espaces interactifs (possibilit\u00e9 de poser des questions dans l\u2019espace contact) sont \u00e0 la disposition des utilisateurs. <a href=\"https:\/\/www.agencepremiere.com\/\" target=\"_blank\" rel=\"noopener\">https:\/\/www.agencepremiere.com\/<\/a> se r\u00e9serve le droit de supprimer, sans mise en demeure pr\u00e9alable, tout contenu d\u00e9pos\u00e9 dans cet espace qui contreviendrait \u00e0 la l\u00e9gislation applicable en France, en particulier aux dispositions relatives \u00e0 la protection des donn\u00e9es. Le cas \u00e9ch\u00e9ant, <a href=\"https:\/\/www.agencepremiere.com\/\" target=\"_blank\" rel=\"noopener\">https:\/\/www.agencepremiere.com\/<\/a> se r\u00e9serve \u00e9galement la possibilit\u00e9 de mettre en cause la responsabilit\u00e9 civile et\/ou p\u00e9nale de l\u2019utilisateur, notamment en cas de message \u00e0 caract\u00e8re raciste, injurieux, diffamant, ou pornographique, quel que soit le support utilis\u00e9 (texte, photographie \u2026).[\/vc_column_text][vc_column_text]<\/p>\n<h3>7. Notification d\u2019incident<\/h3>\n<p>Quels que soient les efforts fournis, aucune m\u00e9thode de transmission sur Internet et aucune m\u00e9thode de stockage \u00e9lectronique n\u2019est compl\u00e8tement s\u00fbre. Nous ne pouvons en cons\u00e9quence pas garantir une s\u00e9curit\u00e9 absolue.<\/p>\n<p>Si nous prenions connaissance d\u2019une br\u00e8che de la s\u00e9curit\u00e9, nous avertirions les utilisateurs concern\u00e9s afin qu\u2019ils puissent prendre les mesures appropri\u00e9es. Nos proc\u00e9dures de notification d\u2019incident tiennent compte de nos obligations l\u00e9gales, qu\u2019elles se situent au niveau national ou europ\u00e9en. Nous nous engageons \u00e0 informer pleinement nos clients de toutes les questions relevant de la s\u00e9curit\u00e9 de leur compte et \u00e0 leur fournir toutes les informations n\u00e9cessaires pour les aider \u00e0 respecter leurs propres obligations r\u00e9glementaires en mati\u00e8re de reporting.<\/p>\n<p>Aucune information personnelle de l\u2019utilisateur du site <a href=\"https:\/\/www.agencepremiere.com\/\" target=\"_blank\" rel=\"noopener\">https:\/\/www.agencepremiere.com\/<\/a> n\u2019est publi\u00e9e \u00e0 l\u2019insu de l\u2019utilisateur, \u00e9chang\u00e9e, transf\u00e9r\u00e9e, c\u00e9d\u00e9e ou vendue sur un support quelconque \u00e0 des tiers. Seule l\u2019hypoth\u00e8se du rachat de <a href=\"https:\/\/www.agencepremiere.com\/\" target=\"_blank\" rel=\"noopener\">https:\/\/www.agencepremiere.com\/<\/a> et de ses droits permettrait la transmission des dites informations \u00e0 l\u2019\u00e9ventuel acqu\u00e9reur qui serait \u00e0 son tour tenu de la m\u00eame obligation de conservation et de modification des donn\u00e9es vis \u00e0 vis de l\u2019utilisateur du site <a href=\"https:\/\/www.agencepremiere.com\/\" target=\"_blank\" rel=\"noopener\">https:\/\/www.agencepremiere.com\/<\/a>.<\/p>\n<p>S\u00e9curit\u00e9<\/p>\n<p>Pour assurer la s\u00e9curit\u00e9 et la confidentialit\u00e9 des Donn\u00e9es Personnelles et des Donn\u00e9es Personnelles de Sant\u00e9, <a href=\"https:\/\/www.agencepremiere.com\/\" target=\"_blank\" rel=\"noopener\">https:\/\/www.agencepremiere.com\/<\/a> utilise des r\u00e9seaux prot\u00e9g\u00e9s par des dispositifs standards tels que par pare-feu, la pseudonymisation, l\u2019encryption et mot de passe.<\/p>\n<p>Lors du traitement des Donn\u00e9es Personnelles, <a href=\"https:\/\/www.agencepremiere.com\/\" target=\"_blank\" rel=\"noopener\">https:\/\/www.agencepremiere.com\/<\/a> prend toutes les mesures raisonnables visant \u00e0 les prot\u00e9ger contre toute perte, utilisation d\u00e9tourn\u00e9e, acc\u00e8s non autoris\u00e9, divulgation, alt\u00e9ration ou destruction.<\/p>\n<p>[\/vc_column_text][vc_column_text]<\/p>\n<h3>8. Liens hypertextes \u00ab cookies \u00bb et balises (\u201ctags\u201d) internet<\/h3>\n<p>Le site <a href=\"https:\/\/www.agencepremiere.com\/\" target=\"_blank\" rel=\"noopener\">https:\/\/www.agencepremiere.com\/<\/a> contient un certain nombre de liens hypertextes vers d\u2019autres sites, mis en place avec l\u2019autorisation de <a href=\"https:\/\/www.agencepremiere.com\/\" target=\"_blank\" rel=\"noopener\">https:\/\/www.agencepremiere.com\/<\/a> Cependant, <a href=\"https:\/\/www.agencepremiere.com\/\" target=\"_blank\" rel=\"noopener\">https:\/\/www.agencepremiere.com\/<\/a> n\u2019a pas la possibilit\u00e9 de v\u00e9rifier le contenu des sites ainsi visit\u00e9s, et n\u2019assumera en cons\u00e9quence aucune responsabilit\u00e9 de ce fait.<\/p>\n<p>Sauf si vous d\u00e9cidez de d\u00e9sactiver les cookies, vous acceptez que le site puisse les utiliser. Vous pouvez \u00e0 tout moment d\u00e9sactiver ces cookies et ce gratuitement \u00e0 partir des possibilit\u00e9s de d\u00e9sactivation qui vous sont offertes et rappel\u00e9es ci-apr\u00e8s, sachant que cela peut r\u00e9duire ou emp\u00eacher l\u2019accessibilit\u00e9 \u00e0 tout ou partie des Services propos\u00e9s par le site.[\/vc_column_text][vc_column_text]<\/p>\n<h4>8.1. \u00ab COOKIES \u00bb<\/h4>\n<p>Un \u00ab cookie \u00bb est un petit fichier d\u2019information envoy\u00e9 sur le navigateur de l\u2019Utilisateur et enregistr\u00e9 au sein du terminal de l\u2019Utilisateur (ex : ordinateur, smartphone), (ci-apr\u00e8s \u00ab Cookies \u00bb). Ce fichier comprend des informations telles que le nom de domaine de l\u2019Utilisateur, le fournisseur d\u2019acc\u00e8s Internet de l\u2019Utilisateur, le syst\u00e8me d\u2019exploitation de l\u2019Utilisateur, ainsi que la date et l\u2019heure d\u2019acc\u00e8s. Les Cookies ne risquent en aucun cas d\u2019endommager le terminal de l\u2019Utilisateur.<\/p>\n<p><a href=\"https:\/\/www.agencepremiere.com\/\" target=\"_blank\" rel=\"noopener\">https:\/\/www.agencepremiere.com\/<\/a> est susceptible de traiter les informations de l\u2019Utilisateur concernant sa visite du Site, telles que les pages consult\u00e9es, les recherches effectu\u00e9es. Ces informations permettent \u00e0 <a href=\"https:\/\/www.agencepremiere.com\/\" target=\"_blank\" rel=\"noopener\">https:\/\/www.agencepremiere.com\/<\/a> d\u2019am\u00e9liorer le contenu du Site, de la navigation de l\u2019Utilisateur.<\/p>\n<p>Les Cookies facilitant la navigation et\/ou la fourniture des services propos\u00e9s par le Site, l\u2019Utilisateur peut configurer son navigateur pour qu\u2019il lui permette de d\u00e9cider s\u2019il souhaite ou non les accepter de mani\u00e8re \u00e0 ce que des Cookies soient enregistr\u00e9s dans le terminal ou, au contraire, qu\u2019ils soient rejet\u00e9s, soit syst\u00e9matiquement, soit selon leur \u00e9metteur. L\u2019Utilisateur peut \u00e9galement configurer son logiciel de navigation de mani\u00e8re \u00e0 ce que l\u2019acceptation ou le refus des Cookies lui soient propos\u00e9s ponctuellement, avant qu\u2019un Cookie soit susceptible d\u2019\u00eatre enregistr\u00e9 dans son terminal. <a href=\"https:\/\/www.agencepremiere.com\/\" target=\"_blank\" rel=\"noopener\">https:\/\/www.agencepremiere.com\/<\/a> informe l\u2019Utilisateur que, dans ce cas, il se peut que les fonctionnalit\u00e9s de son logiciel de navigation ne soient pas toutes disponibles.<\/p>\n<p>Si l\u2019Utilisateur refuse l\u2019enregistrement de Cookies dans son terminal ou son navigateur, ou si l\u2019Utilisateur supprime ceux qui y sont enregistr\u00e9s, l\u2019Utilisateur est inform\u00e9 que sa navigation et son exp\u00e9rience sur le Site peuvent \u00eatre limit\u00e9es. Cela pourrait \u00e9galement \u00eatre le cas lorsque <a href=\"https:\/\/www.agencepremiere.com\/\" target=\"_blank\" rel=\"noopener\">https:\/\/www.agencepremiere.com\/<\/a> ou l\u2019un de ses prestataires ne peut pas reconna\u00eetre, \u00e0 des fins de compatibilit\u00e9 technique, le type de navigateur utilis\u00e9 par le terminal, les param\u00e8tres de langue et d\u2019affichage ou le pays depuis lequel le terminal semble connect\u00e9 \u00e0 Internet.<\/p>\n<p>Le cas \u00e9ch\u00e9ant, <a href=\"https:\/\/www.agencepremiere.com\/\" target=\"_blank\" rel=\"noopener\">https:\/\/www.agencepremiere.com\/<\/a> d\u00e9cline toute responsabilit\u00e9 pour les cons\u00e9quences li\u00e9es au fonctionnement d\u00e9grad\u00e9 du Site et des services \u00e9ventuellement propos\u00e9s par <a href=\"https:\/\/www.agencepremiere.com\/\" target=\"_blank\" rel=\"noopener\">https:\/\/www.agencepremiere.com\/<\/a> r\u00e9sultant (i) du refus de Cookies par l\u2019Utilisateur (ii) de l\u2019impossibilit\u00e9 pour <a href=\"https:\/\/www.agencepremiere.com\/\" target=\"_blank\" rel=\"noopener\">https:\/\/www.agencepremiere.com\/<\/a> d\u2019enregistrer ou de consulter les Cookies n\u00e9cessaires \u00e0 leur fonctionnement du fait du choix de l\u2019Utilisateur. Pour la gestion des Cookies et des choix de l\u2019Utilisateur, la configuration de chaque navigateur est diff\u00e9rente. Elle est d\u00e9crite dans le menu d\u2019aide du navigateur, qui permettra de savoir de quelle mani\u00e8re l\u2019Utilisateur peut modifier ses souhaits en mati\u00e8re de Cookies.<\/p>\n<p>\u00c0 tout moment, l\u2019Utilisateur peut faire le choix d\u2019exprimer et de modifier ses souhaits en mati\u00e8re de Cookies. <a href=\"https:\/\/www.agencepremiere.com\/\" target=\"_blank\" rel=\"noopener\">https:\/\/www.agencepremiere.com\/<\/a> pourra en outre faire appel aux services de prestataires externes pour l\u2019aider \u00e0 recueillir et traiter les informations d\u00e9crites dans cette section.<\/p>\n<p>Enfin, en cliquant sur les ic\u00f4nes d\u00e9di\u00e9es aux r\u00e9seaux sociaux Twitter, Facebook, Linkedin et Google Plus figurant sur le Site de <a href=\"https:\/\/www.agencepremiere.com\/\" target=\"_blank\" rel=\"noopener\">https:\/\/www.agencepremiere.com\/<\/a> ou dans son application mobile et si l\u2019Utilisateur a accept\u00e9 le d\u00e9p\u00f4t de cookies en poursuivant sa navigation sur le Site Internet ou l\u2019application mobile de <a href=\"https:\/\/www.agencepremiere.com\/\" target=\"_blank\" rel=\"noopener\">https:\/\/www.agencepremiere.com\/<\/a>, Twitter, Facebook, Linkedin et Google Plus peuvent \u00e9galement d\u00e9poser des cookies sur vos terminaux (ordinateur, tablette, t\u00e9l\u00e9phone portable).<br \/>\nCes types de cookies ne sont d\u00e9pos\u00e9s sur vos terminaux qu\u2019\u00e0 condition que vous y consentiez, en continuant votre navigation sur le Site Internet ou l\u2019application mobile de <a href=\"https:\/\/www.agencepremiere.com\/\" target=\"_blank\" rel=\"noopener\">https:\/\/www.agencepremiere.com\/<\/a> \u00c0 tout moment, l\u2019Utilisateur peut n\u00e9anmoins revenir sur son consentement \u00e0 ce que <a href=\"https:\/\/www.agencepremiere.com\/\" target=\"_blank\" rel=\"noopener\">https:\/\/www.agencepremiere.com\/<\/a> d\u00e9pose ce type de cookies.[\/vc_column_text][vc_column_text]<\/p>\n<h4>Article 8.2. BALISES (\u201cTAGS\u201d) INTERNET<\/h4>\n<p><a href=\"https:\/\/www.agencepremiere.com\/\" target=\"_blank\" rel=\"noopener\">https:\/\/www.agencepremiere.com\/<\/a> peut employer occasionnellement des balises Internet (\u00e9galement appel\u00e9es \u00ab tags \u00bb, ou balises d\u2019action, GIF \u00e0 un pixel, GIF transparents, GIF invisibles et GIF un \u00e0 un) et les d\u00e9ployer par l\u2019interm\u00e9diaire d\u2019un partenaire sp\u00e9cialiste d\u2019analyses Web susceptible de se trouver (et donc de stocker les informations correspondantes, y compris l\u2019adresse IP de l\u2019Utilisateur) dans un pays \u00e9tranger.<\/p>\n<p>Ces balises sont plac\u00e9es \u00e0 la fois dans les publicit\u00e9s en ligne permettant aux internautes d\u2019acc\u00e9der au Site, et sur les diff\u00e9rentes pages de celui-ci.<\/p>\n<p>Cette technologie permet \u00e0 <a href=\"https:\/\/www.agencepremiere.com\/\" target=\"_blank\" rel=\"noopener\">https:\/\/www.agencepremiere.com\/<\/a> d\u2019\u00e9valuer les r\u00e9ponses des visiteurs face au Site et l\u2019efficacit\u00e9 de ses actions (par exemple, le nombre de fois o\u00f9 une page est ouverte et les informations consult\u00e9es), ainsi que l\u2019utilisation de ce Site par l\u2019Utilisateur.<\/p>\n<p>Le prestataire externe pourra \u00e9ventuellement recueillir des informations sur les visiteurs du Site et d\u2019autres sites Internet gr\u00e2ce \u00e0 ces balises, constituer des rapports sur l\u2019activit\u00e9 du Site \u00e0 l\u2019attention de <a href=\"https:\/\/www.agencepremiere.com\/\" target=\"_blank\" rel=\"noopener\">https:\/\/www.agencepremiere.com\/<\/a>, et fournir d\u2019autres services relatifs \u00e0 l\u2019utilisation de celui-ci et d\u2019Internet.[\/vc_column_text][vc_column_text css=\u00a0\u00bb.vc_custom_1633978045412{margin-bottom: 0px !important;}\u00a0\u00bb]<\/p>\n<h3>9. Droit applicable et attribution de juridiction.<\/h3>\n<p>Tout litige en relation avec l\u2019utilisation du site <a href=\"https:\/\/www.agencepremiere.com\/\" target=\"_blank\" rel=\"noopener\">https:\/\/www.agencepremiere.com\/<\/a> est soumis au droit fran\u00e7ais.<\/p>\n<p>En dehors des cas o\u00f9 la loi ne le permet pas, il est fait attribution exclusive de juridiction aux tribunaux comp\u00e9tents de PARIS.[\/vc_column_text][\/vc_column][\/vc_row]<\/p>\n<\/div>","protected":false},"excerpt":{"rendered":"<p>[vc_row full_width=\u00a0\u00bbstretch_row\u00a0\u00bb el_id=\u00a0\u00bbsection-1&Prime;][vc_column css=\u00a0\u00bb.vc_custom_1633183897407{padding-top: 0px !important;}\u00a0\u00bb][vc_separator color=\u00a0\u00bbblack\u00a0\u00bb align=\u00a0\u00bbalign_left\u00a0\u00bb el_width=\u00a0\u00bb50&Prime; el_class=\u00a0\u00bbsparator-1&Prime;][vc_column_text el_class=\u00a0\u00bbsection-txt-1&Prime; css=\u00a0\u00bb.vc_custom_1633443986262{margin-top: 35px !important;margin-bottom: 35px !important;}\u00a0\u00bb] Mentions L\u00e9gales [\/vc_column_text][vc_separator color=\u00a0\u00bbblack\u00a0\u00bb align=\u00a0\u00bbalign_left\u00a0\u00bb el_class=\u00a0\u00bbsparator-2&Prime; css=\u00a0\u00bb.vc_custom_1633183945222{margin-top: 25px !important;margin-bottom: 25px !important;}\u00a0\u00bb][\/vc_column][\/vc_row][vc_row el_id=\u00a0\u00bbsection-2&Prime;][vc_column css=\u00a0\u00bb.vc_custom_1633185847073{padding-top: 0px !important;}\u00a0\u00bb][vc_column_text] D\u00e9finitions Client : tout professionnel ou personne physique capable au sens des articles 1123 et suivants du Code civil, ou personne morale, qui visite [&hellip;]<\/p>\n","protected":false},"author":2,"featured_media":0,"parent":0,"menu_order":0,"comment_status":"closed","ping_status":"closed","template":"","meta":{"_acf_changed":false,"inline_featured_image":false,"footnotes":""},"class_list":["post-24","page","type-page","status-publish","hentry","post"],"acf":[],"yoast_head":"<!-- This site is optimized with the Yoast SEO plugin v26.6 - https:\/\/yoast.com\/wordpress\/plugins\/seo\/ -->\n<title>Mentions l\u00e9gales - Agence Premi\u00e8re<\/title>\n<meta name=\"robots\" content=\"index, follow, max-snippet:-1, max-image-preview:large, max-video-preview:-1\" \/>\n<link rel=\"canonical\" href=\"https:\/\/www.agencepremiere.com\/fr\/mentions-legales\/\" \/>\n<meta property=\"og:locale\" content=\"fr_FR\" \/>\n<meta property=\"og:type\" content=\"article\" \/>\n<meta property=\"og:title\" content=\"Mentions l\u00e9gales - Agence Premi\u00e8re\" \/>\n<meta property=\"og:description\" content=\"[vc_row full_width=\u00a0\u00bbstretch_row\u00a0\u00bb el_id=\u00a0\u00bbsection-1&Prime;][vc_column css=\u00a0\u00bb.vc_custom_1633183897407{padding-top: 0px !important;}\u00a0\u00bb][vc_separator color=\u00a0\u00bbblack\u00a0\u00bb align=\u00a0\u00bbalign_left\u00a0\u00bb el_width=\u00a0\u00bb50&Prime; el_class=\u00a0\u00bbsparator-1&Prime;][vc_column_text el_class=\u00a0\u00bbsection-txt-1&Prime; css=\u00a0\u00bb.vc_custom_1633443986262{margin-top: 35px !important;margin-bottom: 35px !important;}\u00a0\u00bb] Mentions L\u00e9gales [\/vc_column_text][vc_separator color=\u00a0\u00bbblack\u00a0\u00bb align=\u00a0\u00bbalign_left\u00a0\u00bb el_class=\u00a0\u00bbsparator-2&Prime; css=\u00a0\u00bb.vc_custom_1633183945222{margin-top: 25px !important;margin-bottom: 25px !important;}\u00a0\u00bb][\/vc_column][\/vc_row][vc_row el_id=\u00a0\u00bbsection-2&Prime;][vc_column css=\u00a0\u00bb.vc_custom_1633185847073{padding-top: 0px !important;}\u00a0\u00bb][vc_column_text] D\u00e9finitions Client : tout professionnel ou personne physique capable au sens des articles 1123 et suivants du Code civil, ou personne morale, qui visite [&hellip;]\" \/>\n<meta property=\"og:url\" content=\"https:\/\/www.agencepremiere.com\/fr\/mentions-legales\/\" \/>\n<meta property=\"og:site_name\" content=\"Agence Premi\u00e8re\" \/>\n<meta property=\"article:modified_time\" content=\"2023-06-19T09:01:06+00:00\" \/>\n<meta name=\"twitter:card\" content=\"summary_large_image\" \/>\n<meta name=\"twitter:label1\" content=\"Dur\u00e9e de lecture estim\u00e9e\" \/>\n\t<meta name=\"twitter:data1\" content=\"14 minutes\" \/>\n<script type=\"application\/ld+json\" class=\"yoast-schema-graph\">{\"@context\":\"https:\/\/schema.org\",\"@graph\":[{\"@type\":\"WebPage\",\"@id\":\"https:\/\/www.agencepremiere.com\/fr\/mentions-legales\/\",\"url\":\"https:\/\/www.agencepremiere.com\/fr\/mentions-legales\/\",\"name\":\"Mentions l\u00e9gales - Agence Premi\u00e8re\",\"isPartOf\":{\"@id\":\"https:\/\/www.agencepremiere.com\/fr\/#website\"},\"datePublished\":\"2021-09-30T15:55:07+00:00\",\"dateModified\":\"2023-06-19T09:01:06+00:00\",\"breadcrumb\":{\"@id\":\"https:\/\/www.agencepremiere.com\/fr\/mentions-legales\/#breadcrumb\"},\"inLanguage\":\"fr-FR\",\"potentialAction\":[{\"@type\":\"ReadAction\",\"target\":[\"https:\/\/www.agencepremiere.com\/fr\/mentions-legales\/\"]}]},{\"@type\":\"BreadcrumbList\",\"@id\":\"https:\/\/www.agencepremiere.com\/fr\/mentions-legales\/#breadcrumb\",\"itemListElement\":[{\"@type\":\"ListItem\",\"position\":1,\"name\":\"Home\",\"item\":\"https:\/\/www.agencepremiere.com\/fr\/\"},{\"@type\":\"ListItem\",\"position\":2,\"name\":\"Mentions l\u00e9gales\"}]},{\"@type\":\"WebSite\",\"@id\":\"https:\/\/www.agencepremiere.com\/fr\/#website\",\"url\":\"https:\/\/www.agencepremiere.com\/fr\/\",\"name\":\"Agence Premi\u00e8re\",\"description\":\"La communication immobili\u00e8re, une affaire de sp\u00e9cialistes\",\"potentialAction\":[{\"@type\":\"SearchAction\",\"target\":{\"@type\":\"EntryPoint\",\"urlTemplate\":\"https:\/\/www.agencepremiere.com\/fr\/?s={search_term_string}\"},\"query-input\":{\"@type\":\"PropertyValueSpecification\",\"valueRequired\":true,\"valueName\":\"search_term_string\"}}],\"inLanguage\":\"fr-FR\"}]}<\/script>\n<!-- \/ Yoast SEO plugin. -->","yoast_head_json":{"title":"Mentions l\u00e9gales - Agence Premi\u00e8re","robots":{"index":"index","follow":"follow","max-snippet":"max-snippet:-1","max-image-preview":"max-image-preview:large","max-video-preview":"max-video-preview:-1"},"canonical":"https:\/\/www.agencepremiere.com\/fr\/mentions-legales\/","og_locale":"fr_FR","og_type":"article","og_title":"Mentions l\u00e9gales - Agence Premi\u00e8re","og_description":"[vc_row full_width=\u00a0\u00bbstretch_row\u00a0\u00bb el_id=\u00a0\u00bbsection-1&Prime;][vc_column css=\u00a0\u00bb.vc_custom_1633183897407{padding-top: 0px !important;}\u00a0\u00bb][vc_separator color=\u00a0\u00bbblack\u00a0\u00bb align=\u00a0\u00bbalign_left\u00a0\u00bb el_width=\u00a0\u00bb50&Prime; el_class=\u00a0\u00bbsparator-1&Prime;][vc_column_text el_class=\u00a0\u00bbsection-txt-1&Prime; css=\u00a0\u00bb.vc_custom_1633443986262{margin-top: 35px !important;margin-bottom: 35px !important;}\u00a0\u00bb] Mentions L\u00e9gales [\/vc_column_text][vc_separator color=\u00a0\u00bbblack\u00a0\u00bb align=\u00a0\u00bbalign_left\u00a0\u00bb el_class=\u00a0\u00bbsparator-2&Prime; css=\u00a0\u00bb.vc_custom_1633183945222{margin-top: 25px !important;margin-bottom: 25px !important;}\u00a0\u00bb][\/vc_column][\/vc_row][vc_row el_id=\u00a0\u00bbsection-2&Prime;][vc_column css=\u00a0\u00bb.vc_custom_1633185847073{padding-top: 0px !important;}\u00a0\u00bb][vc_column_text] D\u00e9finitions Client : tout professionnel ou personne physique capable au sens des articles 1123 et suivants du Code civil, ou personne morale, qui visite [&hellip;]","og_url":"https:\/\/www.agencepremiere.com\/fr\/mentions-legales\/","og_site_name":"Agence Premi\u00e8re","article_modified_time":"2023-06-19T09:01:06+00:00","twitter_card":"summary_large_image","twitter_misc":{"Dur\u00e9e de lecture estim\u00e9e":"14 minutes"},"schema":{"@context":"https:\/\/schema.org","@graph":[{"@type":"WebPage","@id":"https:\/\/www.agencepremiere.com\/fr\/mentions-legales\/","url":"https:\/\/www.agencepremiere.com\/fr\/mentions-legales\/","name":"Mentions l\u00e9gales - Agence Premi\u00e8re","isPartOf":{"@id":"https:\/\/www.agencepremiere.com\/fr\/#website"},"datePublished":"2021-09-30T15:55:07+00:00","dateModified":"2023-06-19T09:01:06+00:00","breadcrumb":{"@id":"https:\/\/www.agencepremiere.com\/fr\/mentions-legales\/#breadcrumb"},"inLanguage":"fr-FR","potentialAction":[{"@type":"ReadAction","target":["https:\/\/www.agencepremiere.com\/fr\/mentions-legales\/"]}]},{"@type":"BreadcrumbList","@id":"https:\/\/www.agencepremiere.com\/fr\/mentions-legales\/#breadcrumb","itemListElement":[{"@type":"ListItem","position":1,"name":"Home","item":"https:\/\/www.agencepremiere.com\/fr\/"},{"@type":"ListItem","position":2,"name":"Mentions l\u00e9gales"}]},{"@type":"WebSite","@id":"https:\/\/www.agencepremiere.com\/fr\/#website","url":"https:\/\/www.agencepremiere.com\/fr\/","name":"Agence Premi\u00e8re","description":"La communication immobili\u00e8re, une affaire de sp\u00e9cialistes","potentialAction":[{"@type":"SearchAction","target":{"@type":"EntryPoint","urlTemplate":"https:\/\/www.agencepremiere.com\/fr\/?s={search_term_string}"},"query-input":{"@type":"PropertyValueSpecification","valueRequired":true,"valueName":"search_term_string"}}],"inLanguage":"fr-FR"}]}},"_links":{"self":[{"href":"https:\/\/www.agencepremiere.com\/fr\/wp-json\/wp\/v2\/pages\/24","targetHints":{"allow":["GET"]}}],"collection":[{"href":"https:\/\/www.agencepremiere.com\/fr\/wp-json\/wp\/v2\/pages"}],"about":[{"href":"https:\/\/www.agencepremiere.com\/fr\/wp-json\/wp\/v2\/types\/page"}],"author":[{"embeddable":true,"href":"https:\/\/www.agencepremiere.com\/fr\/wp-json\/wp\/v2\/users\/2"}],"replies":[{"embeddable":true,"href":"https:\/\/www.agencepremiere.com\/fr\/wp-json\/wp\/v2\/comments?post=24"}],"version-history":[{"count":8,"href":"https:\/\/www.agencepremiere.com\/fr\/wp-json\/wp\/v2\/pages\/24\/revisions"}],"predecessor-version":[{"id":871,"href":"https:\/\/www.agencepremiere.com\/fr\/wp-json\/wp\/v2\/pages\/24\/revisions\/871"}],"wp:attachment":[{"href":"https:\/\/www.agencepremiere.com\/fr\/wp-json\/wp\/v2\/media?parent=24"}],"curies":[{"name":"wp","href":"https:\/\/api.w.org\/{rel}","templated":true}]}}