{"id":22,"date":"2021-09-30T15:54:55","date_gmt":"2021-09-30T15:54:55","guid":{"rendered":"https:\/\/agp.ab-media.fr\/?page_id=22"},"modified":"2021-10-11T16:13:25","modified_gmt":"2021-10-11T16:13:25","slug":"newsroom","status":"publish","type":"page","link":"https:\/\/www.agencepremiere.com\/fr\/newsroom\/","title":{"rendered":"Newsroom"},"content":{"rendered":"<div class=\"wpb-content-wrapper\"><p>[vc_row full_width=\u00a0\u00bbstretch_row\u00a0\u00bb el_id=\u00a0\u00bbsection-1&Prime;][vc_column css=\u00a0\u00bb.vc_custom_1633183897407{padding-top: 0px !important;}\u00a0\u00bb][vc_separator color=\u00a0\u00bbblack\u00a0\u00bb align=\u00a0\u00bbalign_left\u00a0\u00bb el_width=\u00a0\u00bb50&Prime; css_animation=\u00a0\u00bbleft-to-right\u00a0\u00bb el_class=\u00a0\u00bbsparator-1&Prime;][vc_column_text css_animation=\u00a0\u00bbbottom-to-top\u00a0\u00bb el_class=\u00a0\u00bbsection-txt-1&Prime; css=\u00a0\u00bb.vc_custom_1633968743345{margin-top: 35px !important;margin-bottom: 35px !important;}\u00a0\u00bb]<\/p>\n<h1><span style=\"color: #0c7589;\">Notre<br \/>\nNewsRoom<\/span><\/h1>\n<p>[\/vc_column_text][vc_separator color=\u00a0\u00bbblack\u00a0\u00bb align=\u00a0\u00bbalign_left\u00a0\u00bb css_animation=\u00a0\u00bbbottom-to-top\u00a0\u00bb el_class=\u00a0\u00bbsparator-2&Prime; css=\u00a0\u00bb.vc_custom_1633968749717{margin-top: 25px !important;margin-bottom: 25px !important;}\u00a0\u00bb][\/vc_column][\/vc_row][vc_row el_id=\u00a0\u00bbsection-2&Prime;][vc_column css_animation=\u00a0\u00bbfadeIn\u00a0\u00bb][vc_empty_space height=\u00a0\u00bb5vw\u00a0\u00bb]\n    <div id=\"posts-wrapper\" class=\"row\"><\/div>\n\n    <hr class=\"desktop-only\">\n\n    <div id=\"load-more\" class=\"bold\"><a href=\"#\">Voir plus<\/a><\/div>\n     \n    <script type=\"text\/javascript\">\n        let posts = [{\"ID\":1764,\"title\":\"APIS confie \\u00e0 l\\u2019agence Premi\\u00e8re la prise de parole  de son fondateur et ses relations presse\",\"publish_date\":\"avril 2026\",\"permalink\":\"https:\\\/\\\/www.agencepremiere.com\\\/fr\\\/apis-confie-a-lagence-premiere-la-prise-de-parole-de-son-fondateur-et-ses-relations-presse\\\/\",\"archive_view_width\":\"50\",\"sub_title\":\"\",\"category\":\"Communiqu\\u00e9 de presse\",\"image\":\"<img width=\\\"2560\\\" height=\\\"1706\\\" src=\\\"https:\\\/\\\/www.agencepremiere.com\\\/wp-content\\\/uploads\\\/2026\\\/04\\\/image-APIS-.jpg\\\" class=\\\"attachment-full size-full wp-post-image\\\" alt=\\\"\\\" srcset=\\\"https:\\\/\\\/www.agencepremiere.com\\\/wp-content\\\/uploads\\\/2026\\\/04\\\/image-APIS-.jpg 2560w, https:\\\/\\\/www.agencepremiere.com\\\/wp-content\\\/uploads\\\/2026\\\/04\\\/image-APIS--300x200.jpg 300w, https:\\\/\\\/www.agencepremiere.com\\\/wp-content\\\/uploads\\\/2026\\\/04\\\/image-APIS--1024x682.jpg 1024w, https:\\\/\\\/www.agencepremiere.com\\\/wp-content\\\/uploads\\\/2026\\\/04\\\/image-APIS--1536x1024.jpg 1536w, https:\\\/\\\/www.agencepremiere.com\\\/wp-content\\\/uploads\\\/2026\\\/04\\\/image-APIS--2048x1365.jpg 2048w, https:\\\/\\\/www.agencepremiere.com\\\/wp-content\\\/uploads\\\/2026\\\/04\\\/image-APIS--720x480.jpg 720w\\\" sizes=\\\"(max-width: 2560px) 100vw, 2560px\\\" \\\/>\",\"excerpt\":\"APIS, op\\u00e9rateur immobilier sp\\u00e9cialis\\u00e9 dans les immeubles complexes principalement en \\u00cele-de-France, confie \\u00e0 l\\u2019agence Premi\\u00e8re l\\u2019accompagnement de sa strat\\u00e9gie de relations presse et de la prise de parole de son fondateur, Alexandre Merah, sur LinkedIn. Dans un march\\u00e9 o\\u00f9 la cr\\u00e9ation de valeur se d\\u00e9place de plus en plus vers la transformation et la gestion [&hellip;]\"},{\"ID\":1757,\"title\":\"Un entrep\\u00f4t de messagerie \\u00e0 Val-de-Reuil (27) rejoint le portefeuille de MILU REIM\",\"publish_date\":\"mars 2026\",\"permalink\":\"https:\\\/\\\/www.agencepremiere.com\\\/fr\\\/un-entrepot-de-messagerie-a-val-de-reuil-27-rejoint-le-portefeuille-de-milu-reim\\\/\",\"archive_view_width\":\"50\",\"sub_title\":\"\",\"category\":\"Communiqu\\u00e9 de presse\",\"image\":\"<img width=\\\"2150\\\" height=\\\"1395\\\" src=\\\"https:\\\/\\\/www.agencepremiere.com\\\/wp-content\\\/uploads\\\/2026\\\/03\\\/Photo-Val-de-Reuil_Milu-Reim.jpg\\\" class=\\\"attachment-full size-full wp-post-image\\\" alt=\\\"\\\" srcset=\\\"https:\\\/\\\/www.agencepremiere.com\\\/wp-content\\\/uploads\\\/2026\\\/03\\\/Photo-Val-de-Reuil_Milu-Reim.jpg 2150w, https:\\\/\\\/www.agencepremiere.com\\\/wp-content\\\/uploads\\\/2026\\\/03\\\/Photo-Val-de-Reuil_Milu-Reim-300x195.jpg 300w, https:\\\/\\\/www.agencepremiere.com\\\/wp-content\\\/uploads\\\/2026\\\/03\\\/Photo-Val-de-Reuil_Milu-Reim-1024x664.jpg 1024w, https:\\\/\\\/www.agencepremiere.com\\\/wp-content\\\/uploads\\\/2026\\\/03\\\/Photo-Val-de-Reuil_Milu-Reim-1536x997.jpg 1536w, https:\\\/\\\/www.agencepremiere.com\\\/wp-content\\\/uploads\\\/2026\\\/03\\\/Photo-Val-de-Reuil_Milu-Reim-2048x1329.jpg 2048w\\\" sizes=\\\"(max-width: 2150px) 100vw, 2150px\\\" \\\/>\",\"excerpt\":\"MILU REIM, plateforme d&rsquo;investissement spe\\u0301cialise\\u0301e dans l&rsquo;acquisition et la gestion d&rsquo;actifs logistiques et de locaux d&rsquo;activite\\u0301s, filiale du Groupe Terrot, annonce l&rsquo;acquisition d&rsquo;un entrepo\\u0302t de messagerie situe\\u0301 au 881 Voie du Testelet a\\u0300 Val-de-Reuil (27), en Normandie. De\\u0301veloppant une surface d&rsquo;environ 6 600 m2, l&rsquo;actif be\\u0301ne\\u0301ficie d&rsquo;une localisation strate\\u0301gique sur l&rsquo;axe A13, au c\\u0153ur d&rsquo;un [&hellip;]\"},{\"ID\":1753,\"title\":\"Bureaux : \\u00e0 La D\\u00e9fense, l\\u2019\\u00e9mergence d\\u2019un nouveau profil d\\u2019entreprises\",\"publish_date\":\"mars 2026\",\"permalink\":\"https:\\\/\\\/www.agencepremiere.com\\\/fr\\\/bureaux-a-la-defense-lemergence-dun-nouveau-profil-dentreprises\\\/\",\"archive_view_width\":\"50\",\"sub_title\":\"\",\"category\":\"Communiqu\\u00e9 de presse\",\"image\":\"<img width=\\\"5184\\\" height=\\\"3456\\\" src=\\\"https:\\\/\\\/www.agencepremiere.com\\\/wp-content\\\/uploads\\\/2026\\\/03\\\/stefan-k-Osr6aAlV-MA-unsplash-1.jpg\\\" class=\\\"attachment-full size-full wp-post-image\\\" alt=\\\"\\\" srcset=\\\"https:\\\/\\\/www.agencepremiere.com\\\/wp-content\\\/uploads\\\/2026\\\/03\\\/stefan-k-Osr6aAlV-MA-unsplash-1.jpg 5184w, https:\\\/\\\/www.agencepremiere.com\\\/wp-content\\\/uploads\\\/2026\\\/03\\\/stefan-k-Osr6aAlV-MA-unsplash-1-300x200.jpg 300w, https:\\\/\\\/www.agencepremiere.com\\\/wp-content\\\/uploads\\\/2026\\\/03\\\/stefan-k-Osr6aAlV-MA-unsplash-1-1024x683.jpg 1024w, https:\\\/\\\/www.agencepremiere.com\\\/wp-content\\\/uploads\\\/2026\\\/03\\\/stefan-k-Osr6aAlV-MA-unsplash-1-1536x1024.jpg 1536w, https:\\\/\\\/www.agencepremiere.com\\\/wp-content\\\/uploads\\\/2026\\\/03\\\/stefan-k-Osr6aAlV-MA-unsplash-1-2048x1365.jpg 2048w, https:\\\/\\\/www.agencepremiere.com\\\/wp-content\\\/uploads\\\/2026\\\/03\\\/stefan-k-Osr6aAlV-MA-unsplash-1-720x480.jpg 720w\\\" sizes=\\\"(max-width: 5184px) 100vw, 5184px\\\" \\\/>\",\"excerpt\":\"\\u00c9tude Colliers -sources : Immostat et Colliers &#8211; &nbsp; Levallois-Perret, le 19 mars 2026\\u00a0&#8211; Longtemps domin\\u00e9 par de grandes tours mono-occupants accueillant des si\\u00e8ges sociaux de tr\\u00e8s grande taille,\\u00a0le march\\u00e9 de La D\\u00e9fense \\u00e9volue vers un mod\\u00e8le plus diversifi\\u00e9 et multi-occupant, selon la derni\\u00e8re \\u00e9tude publi\\u00e9e par Colliers. Au-del\\u00e0 des indicateurs de march\\u00e9, l\\u2019\\u00e9tude met [&hellip;]\"},{\"ID\":1748,\"title\":\"Base a\\u00e9rienne 101 \\u00e0 Toulouse (31)\",\"publish_date\":\"mars 2026\",\"permalink\":\"https:\\\/\\\/www.agencepremiere.com\\\/fr\\\/base-aerienne-101-a-toulouse-31\\\/\",\"archive_view_width\":\"50\",\"sub_title\":\"\",\"category\":\"Communiqu\\u00e9 de presse\",\"image\":\"<img width=\\\"808\\\" height=\\\"454\\\" src=\\\"https:\\\/\\\/www.agencepremiere.com\\\/wp-content\\\/uploads\\\/2026\\\/03\\\/image-colliers-CP-.jpg\\\" class=\\\"attachment-full size-full wp-post-image\\\" alt=\\\"\\\" srcset=\\\"https:\\\/\\\/www.agencepremiere.com\\\/wp-content\\\/uploads\\\/2026\\\/03\\\/image-colliers-CP-.jpg 808w, https:\\\/\\\/www.agencepremiere.com\\\/wp-content\\\/uploads\\\/2026\\\/03\\\/image-colliers-CP--300x169.jpg 300w\\\" sizes=\\\"(max-width: 808px) 100vw, 808px\\\" \\\/>\",\"excerpt\":\"Retour d\\u2019exp\\u00e9rience sur un projet immobilier strat\\u00e9gique pilot\\u00e9 en AMO par Colliers &nbsp; Inaugur\\u00e9es le 12 novembre 2025 \\u00e0 Toulouse, en pr\\u00e9sence du Pr\\u00e9sident de la R\\u00e9publique, les nouvelles installations du Commandement de l\\u2019Espace (CDE), implant\\u00e9es au sein de la base a\\u00e9rienne \\u00e0 vocation spatiale 101, sont le fruit d\\u2019une op\\u00e9ration immobili\\u00e8re publique d\\u2019un montant [&hellip;]\"},{\"ID\":1742,\"title\":\"Le Groupe Terrot acquiert un nouvel immeuble dans le 11e arrondissement de Paris\",\"publish_date\":\"mars 2026\",\"permalink\":\"https:\\\/\\\/www.agencepremiere.com\\\/fr\\\/le-groupe-terrot-acquiert-un-nouvel-immeuble-dans-le-11e-arrondissement-de-paris\\\/\",\"archive_view_width\":\"50\",\"sub_title\":\"\",\"category\":\"Communiqu\\u00e9 de presse\",\"image\":\"<img width=\\\"3068\\\" height=\\\"1720\\\" src=\\\"https:\\\/\\\/www.agencepremiere.com\\\/wp-content\\\/uploads\\\/2026\\\/03\\\/01_Forge-Royale_Groupe-Terrot.jpg\\\" class=\\\"attachment-full size-full wp-post-image\\\" alt=\\\"\\\" srcset=\\\"https:\\\/\\\/www.agencepremiere.com\\\/wp-content\\\/uploads\\\/2026\\\/03\\\/01_Forge-Royale_Groupe-Terrot.jpg 3068w, https:\\\/\\\/www.agencepremiere.com\\\/wp-content\\\/uploads\\\/2026\\\/03\\\/01_Forge-Royale_Groupe-Terrot-300x168.jpg 300w, https:\\\/\\\/www.agencepremiere.com\\\/wp-content\\\/uploads\\\/2026\\\/03\\\/01_Forge-Royale_Groupe-Terrot-1024x574.jpg 1024w, https:\\\/\\\/www.agencepremiere.com\\\/wp-content\\\/uploads\\\/2026\\\/03\\\/01_Forge-Royale_Groupe-Terrot-1536x861.jpg 1536w, https:\\\/\\\/www.agencepremiere.com\\\/wp-content\\\/uploads\\\/2026\\\/03\\\/01_Forge-Royale_Groupe-Terrot-2048x1148.jpg 2048w\\\" sizes=\\\"(max-width: 3068px) 100vw, 3068px\\\" \\\/>\",\"excerpt\":\"Le Groupe Terrot annonce l\\u2019acquisition de l\\u2019immeuble situe\\u0301 14-16 rue de la Forge Royale, Paris 11e, dans le cadre d\\u2019une proce\\u0301dure de redressement judiciaire, a\\u0300 l\\u2019issue d\\u2019une de\\u0301cision favorable rendue le 4 mars 2026. Cette ope\\u0301ration s\\u2019inscrit pleinement dans la strate\\u0301gie d\\u2019investissement du Groupe Terrot, privile\\u0301giant des emplacements centraux a\\u0300 fort potentiel de valorisation. Une [&hellip;]\"}],\n            posts_count = 223,\n            per_page = 5,\n            posts_args = \"posts_per_page=5&order_by=menu_order&order=ASC&post_type=post&post_status=publish\";\n    <\/script>\n    \n    [\/vc_column][\/vc_row]<\/p>\n<\/div>","protected":false},"excerpt":{"rendered":"<p>[vc_row full_width=\u00a0\u00bbstretch_row\u00a0\u00bb el_id=\u00a0\u00bbsection-1&Prime;][vc_column css=\u00a0\u00bb.vc_custom_1633183897407{padding-top: 0px !important;}\u00a0\u00bb][vc_separator color=\u00a0\u00bbblack\u00a0\u00bb align=\u00a0\u00bbalign_left\u00a0\u00bb el_width=\u00a0\u00bb50&Prime; css_animation=\u00a0\u00bbleft-to-right\u00a0\u00bb el_class=\u00a0\u00bbsparator-1&Prime;][vc_column_text css_animation=\u00a0\u00bbbottom-to-top\u00a0\u00bb el_class=\u00a0\u00bbsection-txt-1&Prime; css=\u00a0\u00bb.vc_custom_1633968743345{margin-top: 35px !important;margin-bottom: 35px !important;}\u00a0\u00bb] Notre NewsRoom [\/vc_column_text][vc_separator color=\u00a0\u00bbblack\u00a0\u00bb align=\u00a0\u00bbalign_left\u00a0\u00bb css_animation=\u00a0\u00bbbottom-to-top\u00a0\u00bb el_class=\u00a0\u00bbsparator-2&Prime; css=\u00a0\u00bb.vc_custom_1633968749717{margin-top: 25px !important;margin-bottom: 25px !important;}\u00a0\u00bb][\/vc_column][\/vc_row][vc_row el_id=\u00a0\u00bbsection-2&Prime;][vc_column css_animation=\u00a0\u00bbfadeIn\u00a0\u00bb][vc_empty_space height=\u00a0\u00bb5vw\u00a0\u00bb][\/vc_column][\/vc_row]<\/p>\n","protected":false},"author":2,"featured_media":0,"parent":0,"menu_order":0,"comment_status":"closed","ping_status":"closed","template":"","meta":{"_acf_changed":false,"inline_featured_image":false,"footnotes":""},"class_list":["post-22","page","type-page","status-publish","hentry","post"],"acf":[],"yoast_head":"<!-- This site is optimized with the Yoast SEO plugin v26.6 - https:\/\/yoast.com\/wordpress\/plugins\/seo\/ -->\n<title>Newsroom - Agence Premi\u00e8re<\/title>\n<meta name=\"robots\" content=\"index, follow, max-snippet:-1, max-image-preview:large, max-video-preview:-1\" \/>\n<link rel=\"canonical\" href=\"https:\/\/www.agencepremiere.com\/fr\/newsroom\/\" \/>\n<meta property=\"og:locale\" content=\"fr_FR\" \/>\n<meta property=\"og:type\" content=\"article\" \/>\n<meta property=\"og:title\" content=\"Newsroom - Agence Premi\u00e8re\" \/>\n<meta property=\"og:description\" content=\"[vc_row full_width=\u00a0\u00bbstretch_row\u00a0\u00bb el_id=\u00a0\u00bbsection-1&Prime;][vc_column css=\u00a0\u00bb.vc_custom_1633183897407{padding-top: 0px !important;}\u00a0\u00bb][vc_separator color=\u00a0\u00bbblack\u00a0\u00bb align=\u00a0\u00bbalign_left\u00a0\u00bb el_width=\u00a0\u00bb50&Prime; css_animation=\u00a0\u00bbleft-to-right\u00a0\u00bb el_class=\u00a0\u00bbsparator-1&Prime;][vc_column_text css_animation=\u00a0\u00bbbottom-to-top\u00a0\u00bb el_class=\u00a0\u00bbsection-txt-1&Prime; css=\u00a0\u00bb.vc_custom_1633968743345{margin-top: 35px !important;margin-bottom: 35px !important;}\u00a0\u00bb] Notre NewsRoom [\/vc_column_text][vc_separator color=\u00a0\u00bbblack\u00a0\u00bb align=\u00a0\u00bbalign_left\u00a0\u00bb css_animation=\u00a0\u00bbbottom-to-top\u00a0\u00bb el_class=\u00a0\u00bbsparator-2&Prime; css=\u00a0\u00bb.vc_custom_1633968749717{margin-top: 25px !important;margin-bottom: 25px !important;}\u00a0\u00bb][\/vc_column][\/vc_row][vc_row el_id=\u00a0\u00bbsection-2&Prime;][vc_column css_animation=\u00a0\u00bbfadeIn\u00a0\u00bb][vc_empty_space height=\u00a0\u00bb5vw\u00a0\u00bb][\/vc_column][\/vc_row]\" \/>\n<meta property=\"og:url\" content=\"https:\/\/www.agencepremiere.com\/fr\/newsroom\/\" \/>\n<meta property=\"og:site_name\" content=\"Agence Premi\u00e8re\" \/>\n<meta property=\"article:modified_time\" content=\"2021-10-11T16:13:25+00:00\" \/>\n<meta name=\"twitter:card\" content=\"summary_large_image\" \/>\n<meta name=\"twitter:label1\" content=\"Dur\u00e9e de lecture estim\u00e9e\" \/>\n\t<meta name=\"twitter:data1\" content=\"1 minute\" \/>\n<script type=\"application\/ld+json\" class=\"yoast-schema-graph\">{\"@context\":\"https:\/\/schema.org\",\"@graph\":[{\"@type\":\"WebPage\",\"@id\":\"https:\/\/www.agencepremiere.com\/fr\/newsroom\/\",\"url\":\"https:\/\/www.agencepremiere.com\/fr\/newsroom\/\",\"name\":\"Newsroom - Agence Premi\u00e8re\",\"isPartOf\":{\"@id\":\"https:\/\/www.agencepremiere.com\/fr\/#website\"},\"datePublished\":\"2021-09-30T15:54:55+00:00\",\"dateModified\":\"2021-10-11T16:13:25+00:00\",\"breadcrumb\":{\"@id\":\"https:\/\/www.agencepremiere.com\/fr\/newsroom\/#breadcrumb\"},\"inLanguage\":\"fr-FR\",\"potentialAction\":[{\"@type\":\"ReadAction\",\"target\":[\"https:\/\/www.agencepremiere.com\/fr\/newsroom\/\"]}]},{\"@type\":\"BreadcrumbList\",\"@id\":\"https:\/\/www.agencepremiere.com\/fr\/newsroom\/#breadcrumb\",\"itemListElement\":[{\"@type\":\"ListItem\",\"position\":1,\"name\":\"Home\",\"item\":\"https:\/\/www.agencepremiere.com\/fr\/\"},{\"@type\":\"ListItem\",\"position\":2,\"name\":\"Newsroom\"}]},{\"@type\":\"WebSite\",\"@id\":\"https:\/\/www.agencepremiere.com\/fr\/#website\",\"url\":\"https:\/\/www.agencepremiere.com\/fr\/\",\"name\":\"Agence Premi\u00e8re\",\"description\":\"La communication immobili\u00e8re, une affaire de sp\u00e9cialistes\",\"potentialAction\":[{\"@type\":\"SearchAction\",\"target\":{\"@type\":\"EntryPoint\",\"urlTemplate\":\"https:\/\/www.agencepremiere.com\/fr\/?s={search_term_string}\"},\"query-input\":{\"@type\":\"PropertyValueSpecification\",\"valueRequired\":true,\"valueName\":\"search_term_string\"}}],\"inLanguage\":\"fr-FR\"}]}<\/script>\n<!-- \/ Yoast SEO plugin. -->","yoast_head_json":{"title":"Newsroom - Agence Premi\u00e8re","robots":{"index":"index","follow":"follow","max-snippet":"max-snippet:-1","max-image-preview":"max-image-preview:large","max-video-preview":"max-video-preview:-1"},"canonical":"https:\/\/www.agencepremiere.com\/fr\/newsroom\/","og_locale":"fr_FR","og_type":"article","og_title":"Newsroom - Agence Premi\u00e8re","og_description":"[vc_row full_width=\u00a0\u00bbstretch_row\u00a0\u00bb el_id=\u00a0\u00bbsection-1&Prime;][vc_column css=\u00a0\u00bb.vc_custom_1633183897407{padding-top: 0px !important;}\u00a0\u00bb][vc_separator color=\u00a0\u00bbblack\u00a0\u00bb align=\u00a0\u00bbalign_left\u00a0\u00bb el_width=\u00a0\u00bb50&Prime; css_animation=\u00a0\u00bbleft-to-right\u00a0\u00bb el_class=\u00a0\u00bbsparator-1&Prime;][vc_column_text css_animation=\u00a0\u00bbbottom-to-top\u00a0\u00bb el_class=\u00a0\u00bbsection-txt-1&Prime; css=\u00a0\u00bb.vc_custom_1633968743345{margin-top: 35px !important;margin-bottom: 35px !important;}\u00a0\u00bb] Notre NewsRoom [\/vc_column_text][vc_separator color=\u00a0\u00bbblack\u00a0\u00bb align=\u00a0\u00bbalign_left\u00a0\u00bb css_animation=\u00a0\u00bbbottom-to-top\u00a0\u00bb el_class=\u00a0\u00bbsparator-2&Prime; css=\u00a0\u00bb.vc_custom_1633968749717{margin-top: 25px !important;margin-bottom: 25px !important;}\u00a0\u00bb][\/vc_column][\/vc_row][vc_row el_id=\u00a0\u00bbsection-2&Prime;][vc_column css_animation=\u00a0\u00bbfadeIn\u00a0\u00bb][vc_empty_space height=\u00a0\u00bb5vw\u00a0\u00bb][\/vc_column][\/vc_row]","og_url":"https:\/\/www.agencepremiere.com\/fr\/newsroom\/","og_site_name":"Agence Premi\u00e8re","article_modified_time":"2021-10-11T16:13:25+00:00","twitter_card":"summary_large_image","twitter_misc":{"Dur\u00e9e de lecture estim\u00e9e":"1 minute"},"schema":{"@context":"https:\/\/schema.org","@graph":[{"@type":"WebPage","@id":"https:\/\/www.agencepremiere.com\/fr\/newsroom\/","url":"https:\/\/www.agencepremiere.com\/fr\/newsroom\/","name":"Newsroom - Agence Premi\u00e8re","isPartOf":{"@id":"https:\/\/www.agencepremiere.com\/fr\/#website"},"datePublished":"2021-09-30T15:54:55+00:00","dateModified":"2021-10-11T16:13:25+00:00","breadcrumb":{"@id":"https:\/\/www.agencepremiere.com\/fr\/newsroom\/#breadcrumb"},"inLanguage":"fr-FR","potentialAction":[{"@type":"ReadAction","target":["https:\/\/www.agencepremiere.com\/fr\/newsroom\/"]}]},{"@type":"BreadcrumbList","@id":"https:\/\/www.agencepremiere.com\/fr\/newsroom\/#breadcrumb","itemListElement":[{"@type":"ListItem","position":1,"name":"Home","item":"https:\/\/www.agencepremiere.com\/fr\/"},{"@type":"ListItem","position":2,"name":"Newsroom"}]},{"@type":"WebSite","@id":"https:\/\/www.agencepremiere.com\/fr\/#website","url":"https:\/\/www.agencepremiere.com\/fr\/","name":"Agence Premi\u00e8re","description":"La communication immobili\u00e8re, une affaire de sp\u00e9cialistes","potentialAction":[{"@type":"SearchAction","target":{"@type":"EntryPoint","urlTemplate":"https:\/\/www.agencepremiere.com\/fr\/?s={search_term_string}"},"query-input":{"@type":"PropertyValueSpecification","valueRequired":true,"valueName":"search_term_string"}}],"inLanguage":"fr-FR"}]}},"_links":{"self":[{"href":"https:\/\/www.agencepremiere.com\/fr\/wp-json\/wp\/v2\/pages\/22","targetHints":{"allow":["GET"]}}],"collection":[{"href":"https:\/\/www.agencepremiere.com\/fr\/wp-json\/wp\/v2\/pages"}],"about":[{"href":"https:\/\/www.agencepremiere.com\/fr\/wp-json\/wp\/v2\/types\/page"}],"author":[{"embeddable":true,"href":"https:\/\/www.agencepremiere.com\/fr\/wp-json\/wp\/v2\/users\/2"}],"replies":[{"embeddable":true,"href":"https:\/\/www.agencepremiere.com\/fr\/wp-json\/wp\/v2\/comments?post=22"}],"version-history":[{"count":10,"href":"https:\/\/www.agencepremiere.com\/fr\/wp-json\/wp\/v2\/pages\/22\/revisions"}],"predecessor-version":[{"id":221,"href":"https:\/\/www.agencepremiere.com\/fr\/wp-json\/wp\/v2\/pages\/22\/revisions\/221"}],"wp:attachment":[{"href":"https:\/\/www.agencepremiere.com\/fr\/wp-json\/wp\/v2\/media?parent=22"}],"curies":[{"name":"wp","href":"https:\/\/api.w.org\/{rel}","templated":true}]}}